{"id":1498,"date":"2023-08-09T20:16:55","date_gmt":"2023-08-09T18:16:55","guid":{"rendered":"https:\/\/babgyaloglo.hu\/?page_id=1498"},"modified":"2023-10-17T12:49:08","modified_gmt":"2023-10-17T10:49:08","slug":"altalanos-szerzodesi-feltetelek","status":"publish","type":"page","link":"https:\/\/babgyaloglo.hu\/hu\/altalanos-szerzodesi-feltetelek\/","title":{"rendered":"\u00c1ltal\u00e1nos Szerz\u0151d\u00e9si Felt\u00e9telek"},"content":{"rendered":"<p>[et_pb_section fb_built=&#8221;1&#8243; custom_padding_last_edited=&#8221;off|desktop&#8221; admin_label=&#8221;Header&#8221; _builder_version=&#8221;4.21.2&#8243; background_enable_color=&#8221;off&#8221; background_image=&#8221;https:\/\/babgyaloglo.hu\/wp-content\/uploads\/2023\/08\/csik-transp-light.png&#8221; background_size=&#8221;contain&#8221; background_position=&#8221;top_right&#8221; custom_padding=&#8221;||3px|||&#8221; custom_padding_tablet=&#8221;||0px||false|false&#8221; background_last_edited=&#8221;on|phone&#8221; background_image_phone=&#8221;https:\/\/babgyaloglo.hu\/wp-content\/uploads\/2023\/08\/varacska.png&#8221; background_enable_image_phone=&#8221;on&#8221; locked=&#8221;off&#8221; global_colors_info=&#8221;{}&#8221;][et_pb_row _builder_version=&#8221;4.16&#8243; custom_padding=&#8221;16px|||||&#8221; global_colors_info=&#8221;{}&#8221;][et_pb_column type=&#8221;4_4&#8243; _builder_version=&#8221;4.16&#8243; global_colors_info=&#8221;{}&#8221;][et_pb_image src=&#8221;https:\/\/babgyaloglo.hu\/wp-content\/uploads\/2023\/08\/web-logo-figura.jpg&#8221; title_text=&#8221;babgyaloglo_logo_final&#8221; align=&#8221;center&#8221; _builder_version=&#8221;4.21.2&#8243; _module_preset=&#8221;default&#8221; width=&#8221;22%&#8221; width_tablet=&#8221;34%&#8221; width_phone=&#8221;58%&#8221; width_last_edited=&#8221;on|tablet&#8221; custom_margin=&#8221;25px||||false|false&#8221; custom_margin_tablet=&#8221;-47px||||false|false&#8221; custom_margin_phone=&#8221;9px||||false|false&#8221; custom_margin_last_edited=&#8221;on|phone&#8221; custom_padding=&#8221;52px|||||&#8221; custom_padding_tablet=&#8221;0px||||false|false&#8221; custom_padding_phone=&#8221;0px||||false|false&#8221; custom_padding_last_edited=&#8221;on|tablet&#8221; animation_style=&#8221;roll&#8221; animation_delay=&#8221;250ms&#8221; animation_intensity_roll=&#8221;10%&#8221; border_radii=&#8221;on|454px|454px|454px|454px&#8221; box_shadow_style=&#8221;preset1&#8243; box_shadow_vertical=&#8221;-12px&#8221; box_shadow_blur=&#8221;46px&#8221; box_shadow_color=&#8221;rgba(0,0,0,0.26)&#8221; global_colors_info=&#8221;{}&#8221;][\/et_pb_image][et_pb_text _builder_version=&#8221;4.22.2&#8243; _module_preset=&#8221;default&#8221; text_font_size=&#8221;63px&#8221; header_3_text_color=&#8221;#874773&#8243; text_orientation=&#8221;center&#8221; text_font_size_tablet=&#8221;50px&#8221; text_font_size_phone=&#8221;40px&#8221; text_font_size_last_edited=&#8221;on|desktop&#8221; global_colors_info=&#8221;{}&#8221;]<\/p>\n<h1>\u00c1ltal\u00e1nos Szerz\u0151d\u00e9si Felt\u00e9telek<\/h1>\n<p>[\/et_pb_text][\/et_pb_column][\/et_pb_row][\/et_pb_section][et_pb_section fb_built=&#8221;1&#8243; admin_label=&#8221;section&#8221; _builder_version=&#8221;4.16&#8243; global_colors_info=&#8221;{}&#8221;][et_pb_row admin_label=&#8221;row&#8221; _builder_version=&#8221;4.22.2&#8243; background_size=&#8221;initial&#8221; background_position=&#8221;top_left&#8221; background_repeat=&#8221;repeat&#8221; global_colors_info=&#8221;{}&#8221;][et_pb_column type=&#8221;4_4&#8243; _builder_version=&#8221;4.16&#8243; custom_padding=&#8221;|||&#8221; global_colors_info=&#8221;{}&#8221; custom_padding__hover=&#8221;|||&#8221;][et_pb_text admin_label=&#8221;Text&#8221; _builder_version=&#8221;4.22.2&#8243; background_size=&#8221;initial&#8221; background_position=&#8221;top_left&#8221; background_repeat=&#8221;repeat&#8221; hover_enabled=&#8221;0&#8243; global_colors_info=&#8221;{}&#8221; sticky_enabled=&#8221;0&#8243;]<\/p>\n<p><span style=\"font-weight: 400;\">A jelen \u201e<\/span><span style=\"font-weight: 400;\">\u00c1ltal\u00e1nos Szerz\u0151d\u00e9si Felt\u00e9telek<\/span><span style=\"font-weight: 400;\">\u201d (a tov\u00e1bbiakban:\u202f\u00c1SZF) a Rus Barbara (Sz\u00e9khelye:\u00a0 5600, B\u00e9k\u00e9scsaba, M\u00e1ri\u00e1ssy utca 73; C\u00e9gjegyz\u00e9ksz\u00e1ma:79270056-1-24), k\u00e9pviseli: Rus Barbara, Telefonsz\u00e1m: +36309955403, E-mail c\u00edm:reimsfille@gmail.com\u202f) t\u00e1rhelyszolg\u00e1ltat\u00f3 (C\u00e9gn\u00e9v:\u00a0DotRoll Kft. C\u00edm:\u00a01148, Budapest, Fogarasi \u00fat 3-5, Hungary, Ad\u00f3sz\u00e1m:\u00a013962982-2-42, Telefonsz\u00e1m:\u00a0+36-1-432-3232, Email:\u00a0<\/span><a href=\"mailto:support@dotroll.com\"><span style=\"font-weight: 400;\">support@dotroll.com<\/span><\/a><span style=\"font-weight: 400;\">) \u00e1ltal \u00fczemeltetett hivatalos webshopj\u00e1nak oldalon el\u00e9rhet\u0151 szolg\u00e1ltat\u00e1sainak (a tov\u00e1bbiakban:\u202fSzolg\u00e1ltat\u00e1s)<\/span><span style=\"font-weight: 400;\"> ig\u00e9nybe vev\u0151je (a tov\u00e1bbiakban:\u202f<\/span><b>\u00dcgyf\u00e9l<\/b><span style=\"font-weight: 400;\">\u202fvagy\u202f<\/span><b>Felhaszn\u00e1l\u00f3,<\/b><span style=\"font-weight: 400;\">\u202fvagy\u202f<\/span><b>V\u00e1s\u00e1rl\u00f3<\/b><span style=\"font-weight: 400;\">) \u00e1ltali haszn\u00e1lat\u00e1nak felt\u00e9teleit tartalmazza. Az \u00dczemeltet\u0151, \u00dcgyf\u00e9l, Felhaszn\u00e1l\u00f3 vagy V\u00e1s\u00e1rl\u00f3 a tov\u00e1bbiakban: F\u00e9l, egy\u00fcttesen: Felek.<\/span><\/p>\n<p><span style=\"font-weight: 400;\">Az \u00dczemeltet\u0151 fenntartja jog\u00e1t a jelen <\/span><span style=\"font-weight: 400;\">\u00c1SZF<\/span><span style=\"font-weight: 400;\"> egyoldal\u00fa m\u00f3dos\u00edt\u00e1s\u00e1ra.\u00a0\u00a0<\/span><\/p>\n<p><b>A weboldalon tal\u00e1lhat\u00f3 term\u00e9keket a weboldalon kereszt\u00fcl <\/b><i><span style=\"font-weight: 400;\">kiz\u00e1r\u00f3lag <\/span><\/i><i><span style=\"font-weight: 400;\">mag\u00e1nszem\u00e9lyek<\/span><\/i><i><span style=\"font-weight: 400;\"> v\u00e1s\u00e1rolhatj\u00e1k meg.\u00a0<\/span><\/i><\/p>\n<p>&nbsp;<\/p>\n<p><span style=\"font-weight: 400;\">Az al\u00e1bbi fogalmak a jelen \u00c1SZF-ben a k\u00f6vetkez\u0151 jelent\u00e9ssel b\u00edrnak:\u00a0<\/span><\/p>\n<p><span style=\"font-weight: 400;\">\u2013\u202f<\/span><b>www.babgyaloglo.hu:<\/b><span style=\"font-weight: 400;\">\u202f<\/span><span style=\"font-weight: 400;\">az \u00dczemeltet\u0151 \u00e1ltal fenntartott honlap;\u00a0<\/span><\/p>\n<p><span style=\"font-weight: 400;\">\u2013\u202f<\/span><b>\u00dczemeltet\u0151:<\/b><span style=\"font-weight: 400;\">\u202f<\/span><b> Rus Barbara <\/b><span style=\"font-weight: 400;\">V\u00e1llalkoz\u00f3, aki az<\/span> <span style=\"font-weight: 400;\">elektronikus fel\u00fcleten a saj\u00e1t term\u00e9keit elad\u00e1sra k\u00edn\u00e1lja;\u00a0<\/span><\/p>\n<p><span style=\"font-weight: 400;\">\u2013\u202f<\/span><b>\u00dcgyf\u00e9l\/V\u00e1s\u00e1rl\u00f3<\/b><span style=\"font-weight: 400;\"> \u202faz, aki a honlapon v\u00e1s\u00e1rol \u2013 elfogadva ez \u00e1ltal az \u00dczemeltet\u0151 \u00c1ltal\u00e1nos Szerz\u0151d\u00e9si Felt\u00e9teleit.\u00a0<\/span><\/p>\n<p><span style=\"font-weight: 400;\">Az \u00dcgyf\u00e9l a megrendel\u00e9s lead\u00e1sakor k\u00f6teles <\/span><b>val\u00f3s<\/b><span style=\"font-weight: 400;\"> adatokat megadni. A Felhaszn\u00e1l\u00f3 felel\u0151s az\u00e9rt, hogy az \u00e1ltala megadott adatok megfelelnek a val\u00f3s\u00e1gnak, illetve a teljess\u00e9g \u00e9s az id\u0151szer\u0171s\u00e9g k\u00f6vetelm\u00e9ny\u00e9nek. Amennyiben az \u00dczemeltet\u0151 tudom\u00e1s\u00e1ra jut, hogy a Felhaszn\u00e1l\u00f3\/\u00dcgyf\u00e9l \u00e1ltal megadott adatok k\u00f6re nem val\u00f3s elemeket (is) tartalmaz, jogosult az \u00dcgyf\u00e9l a weboldalhoz val\u00f3 hozz\u00e1f\u00e9r\u00e9s\u00e9t korl\u00e1tozni, illetve az \u00dcgyfelet a\u202f<\/span><b> www.babgyaloglo.hu<\/b><span style=\"font-weight: 400;\"> \u202fhaszn\u00e1lat\u00e1b\u00f3l kiz\u00e1rni; Az \u00dczemeltet\u0151 jogosult az \u00dcgyfelet a<\/span><b> www.babgyaloglo.hu<\/b><span style=\"font-weight: 400;\"> \u202fhaszn\u00e1lat\u00e1b\u00f3l kiz\u00e1rni abban az esetben is, ha az \u00dcgyf\u00e9l vissza\u00e9l\u00e9sszer\u0171en haszn\u00e1lja a\u202f<\/span><b> www.babgyaloglo.hu<\/b><span style=\"font-weight: 400;\"> \u202fplatformot, illetve annak a szolg\u00e1ltat\u00e1sait. A platform <\/span><b>vissza\u00e9l\u00e9sszer\u0171<\/b><span style=\"font-weight: 400;\"> haszn\u00e1lat\u00e1nak min\u0151s\u00fcl p\u00e9ld\u00e1ul, ha az \u00dcgyf\u00e9l t\u00f6bb term\u00e9kre rendel\u00e9st ad le, \u00e1m azokat <\/span><b>\u00f6nhib\u00e1j\u00e1b\u00f3l<\/b><span style=\"font-weight: 400;\">, sz\u00e1nd\u00e9kosan a term\u00e9kek k\u00e9zbes\u00edt\u00e9se sor\u00e1n, vagy azok \u00e1tv\u00e9teli helyre t\u00f6rt\u00e9n\u0151 meg\u00e9rkez\u00e9s\u00e9t k\u00f6vet\u0151en nem veszi \u00e1t.\u00a0\u00a0<\/span><\/p>\n<p><span style=\"font-weight: 400;\">\u2013\u202f<\/span><b>Kos\u00e1r:<\/b><span style=\"font-weight: 400;\">\u202f az a r\u00e9sz, ahova a V\u00e1s\u00e1rl\u00f3 elhelyezheti azokat a Term\u00e9keket, amelyeket meg k\u00edv\u00e1n v\u00e1s\u00e1rolni.\u00a0<\/span><\/p>\n<p><span style=\"font-weight: 400;\">\u2013\u202f<\/span><b>Weboldal:<\/b><span style=\"font-weight: 400;\">\u202fa\u202f<\/span><b> www.babgyaloglo.hu<\/b><span style=\"font-weight: 400;\"> weboldalon, az itt tal\u00e1lhat\u00f3 online kereskedelmi \u00e1ruh\u00e1zzal;\u00a0<\/span><\/p>\n<p><span style=\"font-weight: 400;\">\u2013\u202f<\/span><b>Term\u00e9kek:<\/b><span style=\"font-weight: 400;\">\u202fminden olyan, a Weboldalon felt\u00fcntetett\/szerepl\u0151, az \u00dczemeltet\u0151 \u00e1ltal elad\u00e1sra k\u00edn\u00e1lt term\u00e9k, amely vonatkoz\u00e1s\u00e1ban az \u00dcgyf\u00e9l a Weboldalon a megrendel\u00e9s\u00e9t leadhatja; A Term\u00e9kek on-line rendelhet\u0151k meg. A Term\u00e9kek k\u00fcl\u00f6nb\u00f6z\u0151 kiszerel\u00e9sben ker\u00fclnek \u00e9rt\u00e9kes\u00edt\u00e9sre. A Term\u00e9kek adatlapj\u00e1n megjelen\u00edtett k\u00e9pek elt\u00e9rhetnek a val\u00f3s\u00e1gost\u00f3l, azok illusztr\u00e1ci\u00f3k\u00e9nt szerepelnek. A Term\u00e9kek vonatkoz\u00e1s\u00e1ban megjel\u00f6lt \u00e1rak brutt\u00f3 \u00e1rak, tartalmazz\u00e1k a mindenkor hat\u00e1lyos jogszab\u00e1lyok alapj\u00e1n felsz\u00e1m\u00edtand\u00f3 \u00e1ltal\u00e1nos forgalmi ad\u00f3t. A Term\u00e9kek \u00e1ra mag\u00e1ban foglalja a csomagol\u00e1s \u00e9s a sz\u00e1ll\u00edt\u00e1shoz sz\u00fcks\u00e9ges csomagol\u00e1s k\u00f6lts\u00e9g\u00e9t is. A Term\u00e9kek felt\u00fcntetett \u00e1ra <\/span><i><span style=\"font-weight: 400;\">nem tartalmazza a sz\u00e1ll\u00edt\u00e1si k\u00f6lts\u00e9geket<\/span><\/i><span style=\"font-weight: 400;\">.<\/span><\/p>\n<p><b>\u2013 Szerz\u0151d\u00e9s:<\/b><span style=\"font-weight: 400;\">\u202faz \u00dczemeltet\u0151 \u00e9s a V\u00e1s\u00e1rl\u00f3 k\u00f6z\u00f6tt a Weboldalon megjelen\u00edtett, a jelen \u00c1SZF-ben foglaltak szerint, az \u00dczemeltet\u0151 \u00e9s a V\u00e1s\u00e1rl\u00f3 egyidej\u0171 fizikai jelenl\u00e9te n\u00e9lk\u00fcl j\u00f6n l\u00e9tre. A szerz\u0151d\u00e9s nem min\u0151s\u00fcl \u00edr\u00e1sba foglalt szerz\u0151d\u00e9snek.\u00a0<\/span><\/p>\n<p><span style=\"font-weight: 400;\">\u2013\u202f<\/span><b>Tartalom:<\/b><span style=\"font-weight: 400;\">\u202f(i) minden olyan adat \u00e9s\/vagy inform\u00e1ci\u00f3 (bele\u00e9rtve k\u00e9p, \u00e1bra, log\u00f3, grafikai elem, vide\u00f3, f\u00e1jl, sz\u00f6veg, diz\u00e1jn), amely a Weboldalon l\u00e1that\u00f3 \u00e9s hozz\u00e1f\u00e9rhet\u0151; (ii) minden olyan e-mail \u00e9s\/vagy egy\u00e9b \u00fczenet \u00e1ltal tartalmazott adat \u00e9s\/vagy inform\u00e1ci\u00f3, amelyet az \u00dczemeltet\u0151 a V\u00e1s\u00e1rl\u00f3nak elektronikus kommunik\u00e1ci\u00f3s eszk\u00f6z\u00f6n kereszt\u00fcl k\u00fcld.<\/span><\/p>\n<p><b>\u2013 H\u00edrlev\u00e9l:<\/b><span style=\"font-weight: 400;\">\u202felektronikus \u00faton (e-mail) az \u00dczemeltet\u0151 \u00e1ltal a h\u00edrlev\u00e9l-szolg\u00e1ltat\u00e1sra feliratkozott Felhaszn\u00e1l\u00f3knak id\u0151szakosan k\u00fcld\u00f6tt kereskedelmi \u00fczenet, kommunik\u00e1ci\u00f3, amely a\u202f<\/span><b> www.babgyaloglo.hu<\/b> <span style=\"font-weight: 400;\">oldalt \u00e9rint\u0151 v\u00e1ltoz\u00e1sokr\u00f3l\/\u00fajdons\u00e1gokr\u00f3l, a\u202f<\/span> <a href=\"http:\/\/www.babgyaloglo.hu\"><b>www.babgyaloglo.hu<\/b><\/a><b> oldalon<\/b><span style=\"font-weight: 400;\"> megjelen\u00edtett Term\u00e9kekr\u0151l t\u00e1j\u00e9koztat \u00e9s ny\u00fajt inform\u00e1ci\u00f3t;\u00a0<\/span><\/p>\n<p><span style=\"font-weight: 400;\">\u2013\u202f<\/span><b>Megrendel\u00e9s:<\/b><span style=\"font-weight: 400;\">\u202fa V\u00e1s\u00e1rl\u00f3 Weboldalon tal\u00e1lhat\u00f3 egy vagy t\u00f6bb Term\u00e9k vonatkoz\u00e1s\u00e1ban v\u00e9teli aj\u00e1nlatot tesz az \u00dczemeltet\u0151nek.\u00a0<\/span><\/p>\n<p><b>\u2013 Kos\u00e1r\u00e9rt\u00e9k:<\/b><span style=\"font-weight: 400;\">\u202fegy Megrendel\u00e9sben az \u00dczemeltet\u0151kt\u0151l megrendelni k\u00edv\u00e1nt Term\u00e9kek v\u00e9tel\u00e1r\u00e1nak \u00f6sszege, azaz az \u00dcgyf\u00e9l \u00e1ltal a Megrendel\u00e9s lead\u00e1s\u00e1t k\u00f6vet\u0151en az adott \u00dczemeltet\u0151 r\u00e9sz\u00e9re fizetend\u0151 v\u00e9g\u00f6sszeg.\u00a0<\/span><\/p>\n<p><b>\u202f<\/b><span style=\"font-weight: 400;\">\u00a0<\/span><\/p>\n<h3><span style=\"font-weight: 400;\">1.B\u00f6ng\u00e9sz\u00e9s\u00a0<\/span><\/h3>\n<p><span style=\"font-weight: 400;\">A Webshop term\u00e9k-megtekint\u00e9si \u00e9s megrendel\u00e9si lehet\u0151s\u00e9get biztos\u00edt a Felhaszn\u00e1l\u00f3k r\u00e9sz\u00e9re. A Webshopban b\u00e1rki b\u00f6ng\u00e9szhet regisztr\u00e1ci\u00f3 n\u00e9lk\u00fcl. A term\u00e9koldalon a Term\u00e9k a nev\u00e9re klikkelve \u00e9rhet\u0151 el, itt t\u00e1j\u00e9koz\u00f3dhat a megrendelni k\u00edv\u00e1nt term\u00e9k r\u00e9szletes jellemz\u0151ir\u0151l, \u00e1r\u00e1r\u00f3l, f\u0151bb adatair\u00f3l, vagy \u00f6sszetev\u0151kr\u0151l.<\/span><\/p>\n<p>&nbsp;<\/p>\n<h3><span style=\"font-weight: 400;\">2. Megrendel\u00e9s\u00a0<\/span><\/h3>\n<p><b>Term\u00e9k kiv\u00e1laszt\u00e1sa<\/b><span style=\"font-weight: 400;\">\u00a0<\/span><\/p>\n<p><span style=\"font-weight: 400;\">A kiv\u00e1lasztott Term\u00e9k a \u201eKos\u00e1r\u201d gomb seg\u00edts\u00e9g\u00e9vel helyezhet\u0151 a \u201eKos\u00e1rba\u201d, a sz\u00fcks\u00e9ges darabsz\u00e1m be\u00e1ll\u00edthat\u00f3. A V\u00e1s\u00e1rl\u00f3 a \u201eKos\u00e1r\u201d tartalm\u00e1t a \u201eKos\u00e1r\u201d men\u00fcpont seg\u00edts\u00e9g\u00e9vel ellen\u0151rizheti. Itt m\u00f3dos\u00edthatja \u00e9s\/vagy t\u00f6r\u00f6lheti a \u201eKos\u00e1r\u201d tartalm\u00e1t, a \u201eKos\u00e1rban\u201d szerepl\u0151 egyes t\u00e9teleket. Lehet\u0151s\u00e9g van a \u201eKos\u00e1r\u201d teljes ki\u00fcr\u00edt\u00e9s\u00e9re is. A megv\u00e1s\u00e1rolni k\u00edv\u00e1nt Term\u00e9kek \u201eKos\u00e1rba\u201d helyez\u00e9se ut\u00e1n a V\u00e1s\u00e1rl\u00f3 a \u201eTov\u00e1bb a P\u00e9nzt\u00e1rhoz\u201d gombra klikkelve folytathatja a v\u00e1s\u00e1rl\u00e1si folyamatot, vagy a \u201eV\u00e1s\u00e1rl\u00e1s Folytat\u00e1sa\u201d gomb megnyom\u00e1sa ut\u00e1n tov\u00e1bbi term\u00e9keket rakhat a \u201eKos\u00e1rba\u201d.<\/span><\/p>\n<p><span style=\"font-weight: 400;\">\u00a0<\/span><\/p>\n<h3><span style=\"font-weight: 400;\">3.\u202fRegisztr\u00e1ci\u00f3<\/span><\/h3>\n<p><span style=\"font-weight: 400;\">3.1. A V\u00e1s\u00e1rl\u00f3 a Term\u00e9ket <\/span><i><span style=\"font-weight: 400;\">regisztr\u00e1ci\u00f3 n\u00e9lk\u00fcl<\/span><\/i><span style=\"font-weight: 400;\"> tudja megv\u00e1s\u00e1rolni.\u00a0<\/span><\/p>\n<p><span style=\"font-weight: 400;\">3.2. V\u00e1s\u00e1rl\u00e1s eset\u00e9n az al\u00e1bbi adatokat sz\u00fcks\u00e9ges a V\u00e1s\u00e1rl\u00f3nak megadnia: e-mail c\u00edm, telefonsz\u00e1m, n\u00e9v a sz\u00e1ml\u00e1z\u00e1shoz, sz\u00e1ml\u00e1z\u00e1si c\u00edm, valamint a sz\u00e1ll\u00edt\u00e1si c\u00edm, ha ett\u0151l elt\u00e9r\u0151.\u00a0<\/span><\/p>\n<p><span style=\"font-weight: 400;\">3.3 A<\/span><span style=\"font-weight: 400;\">\u202f<\/span><b> www.babgyaloglo.hu<\/b><span style=\"font-weight: 400;\"> \u202f<\/span><span style=\"font-weight: 400;\">weboldalon kereszt\u00fcl az \u00dcgyf\u00e9l\/V\u00e1s\u00e1rl\u00f3 elektronikus \u00faton Megrendel\u00e9st adhat le oly m\u00f3don, hogy a kiv\u00e1lasztott Term\u00e9k(ek)et a Kos\u00e1rba helyezi, egy\u00fattal megadja a kiv\u00e1lasztott Term\u00e9k darabsz\u00e1m\u00e1t, a Megrendel\u00e9s teljes\u00edt\u00e9s\u00e9hez sz\u00fcks\u00e9ges sz\u00e1ll\u00edt\u00e1si \u00e9s sz\u00e1ml\u00e1z\u00e1si adatokat. A Term\u00e9k (ek) Kos\u00e1rba helyez\u00e9se nem jelenti a Megrendel\u00e9s v\u00e9gleges\u00edt\u00e9s\u00e9t.\u00a0<\/span><\/p>\n<p><b>\u202f<\/b><span style=\"font-weight: 400;\">\u00a0<\/span><\/p>\n<h3><span style=\"font-weight: 400;\">4. H\u00edrlev\u00e9l<\/span><\/h3>\n<p><span style=\"font-weight: 400;\">C\u00e9gn\u00e9v:Webagile SAS<\/span><span style=\"font-weight: 400;\"><br \/><\/span><span style=\"font-weight: 400;\">Project:\u00a0<\/span><a href=\"https:\/\/www.thenewsletterplugin.com\/legal\/privacy\"><span style=\"font-weight: 400;\">The Newsletter Plugin.<\/span><span style=\"font-weight: 400;\"><br \/><\/span><\/a><span style=\"font-weight: 400;\">Adatkezel\u0151:\u00a0Web Agile Sas di Fietta Roberto, con sede in Mussolente (VI), via Trieste 8.<\/span><span style=\"font-weight: 400;\"><br \/><\/span><span style=\"font-weight: 400;\">Ad\u00f3sz\u00e1m:\u00a003809490240<\/span><span style=\"font-weight: 400;\"><br \/><\/span><span style=\"font-weight: 400;\">Telefonsz\u00e1m:\u00a0+36-1-432-3232<\/span><span style=\"font-weight: 400;\"><br \/><\/span><span style=\"font-weight: 400;\">Email:<\/span><a href=\"mailto:privacy@thenewsletterplugin.com\"><span style=\"font-weight: 400;\">privacy@thenewsletterplugin.com<\/span><\/a><\/p>\n<p><b>\u202f<\/b><span style=\"font-weight: 400;\">\u00a0<\/span><\/p>\n<h3><span style=\"font-weight: 400;\">5. A term\u00e9kek feletti tulajdonjog \u00e1tsz\u00e1ll\u00e1sa\u00a0<\/span><\/h3>\n<p><span style=\"font-weight: 400;\">A Term\u00e9kek feletti tulajdonjog a Term\u00e9k \u00e1tv\u00e9telekor sz\u00e1ll \u00e1t a V\u00e1s\u00e1rl\u00f3ra.<\/span><\/p>\n<p><b>\u202f<\/b><span style=\"font-weight: 400;\">\u00a0<\/span><\/p>\n<h3><span style=\"font-weight: 400;\">6. Sz\u00e1ml\u00e1z\u00e1s\u00a0<\/span><\/h3>\n<p><span style=\"font-weight: 400;\">6.1. A Weboldalon szerepl\u0151 Term\u00e9kek \u00e1rai forintban \u00e9rtend\u0151k \u00e9s tartalmazz\u00e1k az \u00c1FA-t.<\/span><\/p>\n<p><span style=\"font-weight: 400;\">6.2. Az \u00e1r \u00e9s a fizet\u00e9si m\u00f3d meg van jel\u00f6lve. Az \u00dczemeltet\u0151 sz\u00e1ml\u00e1t bocs\u00e1t ki a V\u00e1s\u00e1rl\u00f3 sz\u00e1m\u00e1ra a megrendelt Term\u00e9k(ek)et illet\u0151en.\u00a0<\/span><\/p>\n<p><span style=\"font-weight: 400;\">6.3. A sz\u00e1ml\u00e1n minden r\u00f6gz\u00edtett Megrendel\u00e9s eset\u00e9ben felt\u00fcntet\u00e9sre ker\u00fcl a megv\u00e1s\u00e1rolni k\u00edv\u00e1nt Term\u00e9kek v\u00e9tel\u00e1ra, a fizet\u00e9si m\u00f3d \u00e9s a fizet\u00e9si hat\u00e1rid\u0151. Az \u00dczemeltet\u0151 \u2013 a hat\u00e1lyos jogszab\u00e1lyoknak megfelel\u0151 \u2013 sz\u00e1ml\u00e1t \u00e1ll\u00edt ki a megrendelt \u00e9s kisz\u00e1ll\u00edt\u00e1sra ker\u00fcl\u0151 Term\u00e9kekr\u0151l. A V\u00e1s\u00e1rl\u00f3 felel\u0151ss\u00e9ge, hogy a ki\u00e1ll\u00edt\u00e1sra ker\u00fcl\u0151 sz\u00e1ml\u00e1hoz minden, r\u00e1 vonatkoz\u00f3 adatot \u2013 hib\u00e1tlanul \u00e9s a val\u00f3s\u00e1gnak megfelel\u0151en \u2013 r\u00f6gz\u00edtsen. Ennek elmulaszt\u00e1sa, illetve hi\u00e1nyos vagy hib\u00e1s r\u00f6gz\u00edt\u00e9se eset\u00e9n az \u00dczemeltet\u0151 nem k\u00f6telezhet\u0151 \u00faj sz\u00e1mla ki\u00e1ll\u00edt\u00e1s\u00e1ra.\u00a0<\/span><\/p>\n<p><span style=\"font-weight: 400;\">6.4. Az \u00dczemeltet\u0151 \u00e1ltal \u00e9rt\u00e9kes\u00edtett Term\u00e9kek megrendel\u00e9se eset\u00e9n a V\u00e1s\u00e1rl\u00f3 r\u00e9sz\u00e9re a fizetend\u0151 sz\u00e1ll\u00edt\u00e1si d\u00edjat egyben sz\u00e1ml\u00e1zza az \u00dczemeltet\u0151 a v\u00e1s\u00e1rolt Term\u00e9kkel.<\/span><\/p>\n<p><span style=\"font-weight: 400;\">6.5. Az \u00dczemeltet\u0151 az \u00e9rt\u00e9kes\u00edtett Term\u00e9kekr\u0151l sz\u00f3l\u00f3 sz\u00e1ml\u00e1t elektronikus \u00faton bocs\u00e1tja a V\u00e1s\u00e1rl\u00f3 rendelkez\u00e9s\u00e9re. A ki\u00e1ll\u00edtott sz\u00e1mla elektronikus form\u00e1ban el\u00e9rhet\u0151 elektronikus \u00fczenet (e-mail) form\u00e1j\u00e1ban.<\/span><\/p>\n<p><b>\u202f<\/b><span style=\"font-weight: 400;\">\u00a0<\/span><\/p>\n<h3><span style=\"font-weight: 400;\">7. Felel\u0151ss\u00e9g\u00a0<\/span><\/h3>\n<p><span style=\"font-weight: 400;\">7.1. Az \u00dczemeltet\u0151 nem vonhat\u00f3 felel\u0151ss\u00e9gre a V\u00e1s\u00e1rl\u00f3t \u00e9rint\u0151 semminem\u0171 k\u00e1r\u00e9rt, amely az \u00dczemeltet\u0151 szerz\u0151d\u00e9ses k\u00f6telezetts\u00e9g\u00e9nek teljes\u00edt\u00e9s\u00e9b\u0151l fakad. Az \u00dczemeltet\u0151 nem felel\u0151s semmilyen k\u00e1r\u00e9rt, amely a Term\u00e9kek haszn\u00e1lat\u00e1b\u00f3l ered. Az \u00dczemeltet\u0151 nem felel a Term\u00e9kekben a fut\u00e1rszolg\u00e1lat r\u00e9sz\u00e9re t\u00f6rt\u00e9n\u0151 \u00e1tad\u00e1st k\u00f6vet\u0151en bek\u00f6vetkezett k\u00e1r\u00e9rt, a sz\u00e1ll\u00edt\u00e1sb\u00f3l ered\u0151 b\u00e1rmilyen probl\u00e9ma a fut\u00e1rszolg\u00e1lat felel\u0151ss\u00e9gi k\u00f6r\u00e9be tartozik.\u00a0<\/span><\/p>\n<p>&nbsp;<\/p>\n<h3><span style=\"font-weight: 400;\">8. Az online \u00e9rt\u00e9kes\u00edt\u00e9sre vonatkoz\u00f3 speci\u00e1lis rendelkez\u00e9sek\u00a0<\/span><\/h3>\n<p><span style=\"font-weight: 400;\">8.1. A Weboldalra b\u00e1rmely \u00dcgyf\u00e9l bel\u00e9phet. Az \u00dczemeltet\u0151 fenntartja a jogot, hogy az \u00dcgyf\u00e9lnek\/V\u00e1s\u00e1rl\u00f3nak a Megrendel\u00e9s lead\u00e1s\u00e1hoz val\u00f3 jogosults\u00e1g\u00e1t \u00e9s hozz\u00e1f\u00e9r\u00e9s\u00e9t korl\u00e1tozza, amennyiben az adott \u00dcgyf\u00e9l\/V\u00e1s\u00e1rl\u00f3 a Weboldalon v\u00e9gzett tev\u00e9kenys\u00e9g\u00e9vel vesz\u00e9lyeztetheti a Weboldal zavartalan m\u0171k\u00f6d\u00e9s\u00e9t \u00e9s\/vagy tev\u00e9kenys\u00e9g\u00e9vel az \u00dczemeltet\u0151nek k\u00e1rt okozhat. Ezen esetben az \u00dcgyf\u00e9l\/V\u00e1s\u00e1rl\u00f3 az \u00dczemeltet\u0151h\u00f6z fordulhat, ahol a korl\u00e1toz\u00e1s (ok) indokair\u00f3l t\u00e1j\u00e9koztat\u00e1st kaphat.\u00a0<\/span><\/p>\n<p><span style=\"font-weight: 400;\">8.2. Az \u00dcgyf\u00e9l kapcsolatba l\u00e9phet az \u00dczemeltet\u0151vel az \u00dczemeltet\u0151 megadott el\u00e9rhet\u0151s\u00e9gein kereszt\u00fcl. Az \u00dczemeltet\u0151 az \u00e1ltala kapcsolatfelv\u00e9tel c\u00e9lj\u00e1ra megadott inform\u00e1ci\u00f3k val\u00f3ss\u00e1g\u00e1\u00e9rt \u00e9s helyess\u00e9g\u00e9\u00e9rt felel.\u00a0<\/span><\/p>\n<p><span style=\"font-weight: 400;\">8.3. A Weboldalon felt\u00fcntetett Tartalom, k\u00fcl\u00f6n\u00f6sen a Term\u00e9kek le\u00edr\u00e1s\u00e1ra haszn\u00e1lt inform\u00e1ci\u00f3 nem jelenti az \u00dczemeltet\u0151 aj\u00e1nlati k\u00f6t\u00f6tts\u00e9g\u00e9t, ezek kifejezetten a bemutat\u00e1s c\u00e9lj\u00e1t szolg\u00e1lj\u00e1k, a Weboldalon szerepl\u0151 k\u00e9pek csup\u00e1n illusztr\u00e1ci\u00f3k. Az \u00dcgyf\u00e9l vagy V\u00e1s\u00e1rl\u00f3 r\u00e9sz\u00e9re l\u00e1togat\u00e1s \u00e9s\/vagy b\u00f6ng\u00e9sz\u00e9s \u00fatj\u00e1n szerzett semmilyen Tartalom nem k\u00e9pezi az \u00dczemeltet\u0151 szerz\u0151d\u00e9ses k\u00f6telezetts\u00e9g\u00e9t, sem aj\u00e1nlati k\u00f6t\u00f6tts\u00e9g\u00e9t.\u00a0<\/span><\/p>\n<p><b>\u202f<\/b><span style=\"font-weight: 400;\">\u00a0<\/span><\/p>\n<h3><span style=\"font-weight: 400;\">9. Szellemi tulajdon\u00a0<\/span><\/h3>\n<p><span style=\"font-weight: 400;\">9.1. A Tartalom a jelen \u00c1SZF-ben foglalt meghat\u00e1roz\u00e1s\u00e1nak megfelel\u0151en mag\u00e1ba foglalja k\u00fcl\u00f6n\u00f6sen, de nem kiz\u00e1r\u00f3lagosan a Weboldalon felt\u00fcntetett log\u00f3kat, grafikai elemeket, kereskedelmi v\u00e9djegyeket, k\u00e9peket, vide\u00f3kat, anim\u00e1ci\u00f3kat, multim\u00e9dia sz\u00f6vegeket \u00e9s\/vagy b\u00e1rmely egy\u00e9b tartalmat. Mindez kifejezetten az \u00dczemeltet\u0151 tulajdon\u00e1t k\u00e9pezi \u00e9s az \u00dczemeltet\u0151 ezzel kapcsolatban minden jog\u00e1t fenntartja.\u00a0<\/span><\/p>\n<p><span style=\"font-weight: 400;\">9.2. A \u00dcgyf\u00e9l\/V\u00e1s\u00e1rl\u00f3 nem jogosult a Tartalmat m\u00e1solni, terjeszteni, k\u00f6z\u00f6lni, harmadik f\u00e9lnek \u00e1tk\u00fcldeni, m\u00f3dos\u00edtani \u00e9s\/vagy m\u00e1s m\u00f3don megv\u00e1ltoztatni, felhaszn\u00e1lni.<\/span><\/p>\n<p><span style=\"font-weight: 400;\">10.3. B\u00e1rmely Tartalom, amelyhez a \u00dcgyf\u00e9lnek\/V\u00e1s\u00e1rl\u00f3nak hozz\u00e1f\u00e9r\u00e9se van, vagy ahhoz hozz\u00e1f\u00e9r\u00e9st nyer b\u00e1rmely eszk\u00f6z r\u00e9v\u00e9n, a jelen \u00c1SZF hat\u00e1lya al\u00e1 tartozik.\u00a0<\/span><\/p>\n<p><span style=\"font-weight: 400;\">9.4. A<\/span><b> www.babgyaloglo.hu<\/b><span style=\"font-weight: 400;\"> weboldalr\u00f3l \u00e9s annak adatb\u00e1zis\u00e1b\u00f3l b\u00e1rmilyen anyagot \u00e1tvenni nem lehet.\u00a0<\/span><\/p>\n<p><span style=\"font-weight: 400;\">9.5. A V\u00e1llalkoz\u00f3\/\u00dczemeltet\u0151 fenntartja minden jog\u00e1t szolg\u00e1ltat\u00e1s\u00e1nak valamennyi elem\u00e9re, a domain-neveire, az azokkal k\u00e9pzett m\u00e1sodlagos domain nevekre, valamint az internetes rekl\u00e1mfel\u00fcleteire.\u00a0<\/span><\/p>\n<p><span style=\"font-weight: 400;\">9.6. Tilos a weboldal tartalm\u00e1nak, illetve egyes r\u00e9szeinek adapt\u00e1ci\u00f3ja vagy visszafejt\u00e9se; b\u00e1rmely olyan alkalmaz\u00e1s haszn\u00e1lata, amellyel a weboldal vagy annak b\u00e1rmely r\u00e9sze m\u00f3dos\u00edthat\u00f3 vagy indexelhet\u0151.\u00a0<\/span><\/p>\n<p><b>\u202f<\/b><span style=\"font-weight: 400;\">\u00a0<\/span><\/p>\n<h3><span style=\"font-weight: 400;\">10. Titoktart\u00e1s\u00a0<\/span><\/h3>\n<p><span style=\"font-weight: 400;\">10.1. A V\u00e1s\u00e1rl\u00f3\/\u00dcgyf\u00e9l \u00e1ltal az \u00dczemeltet\u0151nek szolg\u00e1ltatott b\u00e1rmely jelleg\u0171 inform\u00e1ci\u00f3t az \u00dczemeltet\u0151 bizalmasan kezeli.<\/span><\/p>\n<p>&nbsp;<\/p>\n<h3><span style=\"font-weight: 400;\">11. A szem\u00e9lyes adatok kezel\u00e9se\u00a0<\/span><\/h3>\n<p><span style=\"font-weight: 400;\">11.1. A Weboldal szem\u00e9lyes adatok kezel\u00e9s\u00e9re vonatkoz\u00f3 Adatkezel\u00e9si t\u00e1j\u00e9koztat\u00f3ja jelen \u00c1ltal\u00e1nos Szerz\u0151d\u00e9si Felt\u00e9telek r\u00e9sz\u00e9t k\u00e9pezi.<\/span><\/p>\n<p><span style=\"font-weight: 400;\">\u00a0<\/span><\/p>\n<h3><span style=\"font-weight: 400;\">12. Panaszkezel\u00e9s\u00a0<\/span><\/h3>\n<p><span style=\"font-weight: 400;\">12.1. Amennyiben a Megrendel\u0151nek valamilyen panasza, \u00e9szrev\u00e9tele van a szerz\u0151d\u00e9ssel vagy annak teljes\u00edt\u00e9s\u00e9vel kapcsolatban, \u00fagy panasz\u00e1t a <\/span><span style=\"font-weight: 400;\">reimsfille@gmail.com\u202f<\/span><span style=\"font-weight: 400;\">e-mail c\u00edmen k\u00f6z\u00f6lheti.\u00a0<\/span><\/p>\n<p><b>\u202f<\/b><span style=\"font-weight: 400;\">\u00a0<\/span><\/p>\n<h3><span style=\"font-weight: 400;\">13. Alkalmazand\u00f3 jog, jog\u00e9rv\u00e9nyes\u00edt\u00e9s\u00a0<\/span><\/h3>\n<p><span style=\"font-weight: 400;\">13.1. Az \u00dczemeltet\u0151 \u00e9s a V\u00e1s\u00e1rl\u00f3 k\u00f6z\u00f6tt l\u00e9trej\u00f6tt szerz\u0151d\u00e9s vonatkoz\u00e1s\u00e1ban a magyar jog az ir\u00e1nyad\u00f3.\u00a0<\/span><\/p>\n<p><span style=\"font-weight: 400;\">13.2. A fogyaszt\u00f3v\u00e9delemr\u0151l sz\u00f3l\u00f3 1997. \u00e9vi CLV. t\u00f6rv\u00e9nyrendelkez\u00e9seinek megfelel\u0151en, amennyiben az \u00dczemeltet\u0151 \u00e9s a V\u00e1s\u00e1rl\u00f3 k\u00f6z\u00f6tt esetlegesen fenn\u00e1ll\u00f3 fogyaszt\u00f3i jogvita az \u00dczemeltet\u0151vel val\u00f3 t\u00e1rgyal\u00e1sok sor\u00e1n nem rendez\u0151dik, a fogyaszt\u00f3nak min\u0151s\u00fcl\u0151 V\u00e1s\u00e1rl\u00f3, a lak\u00f3helye vagy tart\u00f3zkod\u00e1si helye szerint illet\u00e9kes b\u00e9k\u00e9ltet\u0151 test\u00fclethez fordulhat \u00e9s kezdem\u00e9nyezheti a Test\u00fclet elj\u00e1r\u00e1s\u00e1t, illetve fordulhat az \u00dczemeltet\u0151 sz\u00e9khelye szerint illet\u00e9kes B\u00e9k\u00e9ltet\u0151 Test\u00fclethez is. Az \u00dczemeltet\u0151 a fogyaszt\u00f3i jogvita rendez\u00e9se \u00e9rdek\u00e9ben ig\u00e9nybe veszi a b\u00e9k\u00e9ltet\u0151 test\u00fcleti elj\u00e1r\u00e1st.\u00a0<\/span><\/p>\n<p><span style=\"font-weight: 400;\">13.3. Az \u00dczemeltet\u0151 \u00e9s az \u00dcgyfelek\/V\u00e1s\u00e1rl\u00f3k k\u00f6z\u00f6tt\u00fck esetleg felmer\u00fcl\u0151 vit\u00e1s k\u00e9rd\u00e9seket b\u00e9k\u00e9s \u00faton rendezik, vagy, amennyiben ez nem lehets\u00e9ges, a vit\u00e1s \u00fcgyeket megold\u00e1s c\u00e9lj\u00e1b\u00f3l a Felek b\u00edr\u00f3s\u00e1ghoz fordulhatnak.\u00a0<\/span><\/p>\n<p><span style=\"font-weight: 400;\">13.4. Az \u00dczemeltet\u0151 fenntartja a jogot, hogy jelen \u00c1ltal\u00e1nos Szerz\u0151d\u00e9si Felt\u00e9telek rendelkez\u00e9seit friss\u00edtse, illetve id\u0151k\u00f6z\u00f6nk\u00e9nt m\u00f3dos\u00edtsa, hogy az t\u00fckr\u00f6zze a weboldal m\u0171k\u00f6d\u00e9si m\u00f3dj\u00e1t \u00e9s felt\u00e9teleit, vagy a jogszab\u00e1lyi k\u00f6rnyezet v\u00e1ltoz\u00e1s\u00e1t. Ilyen esetekben az \u00c1ltal\u00e1nos Szerz\u0151d\u00e9si Felt\u00e9telek m\u00f3dos\u00edtott v\u00e1ltozata jelenik meg az oldalon.\u00a0<\/span><\/p>\n<p><span style=\"font-weight: 400;\"><\/span><\/p>\n<h3><span style=\"font-weight: 400;\">14. Fizet\u00e9sre \u00e9s visszat\u00e9r\u00edt\u00e9sre vonatkoz\u00f3 szab\u00e1lyok<\/span><\/h3>\n<p><span style=\"font-weight: 400;\">14.1. A V\u00e1s\u00e1rl\u00f3 a Term\u00e9kek kiv\u00e1laszt\u00e1s\u00e1t k\u00f6vet\u0151en kiv\u00e1lasztja a fizet\u00e9si \u00e9s sz\u00e1ll\u00edt\u00e1si m\u00f3dot. A V\u00e1s\u00e1rl\u00f3 egy \u00f6sszefoglal\u00f3 oldal seg\u00edts\u00e9g\u00e9vel ellen\u0151rizheti minden kor\u00e1bban megadott adat\u00e1t, \u00e9s a megrendelni k\u00edv\u00e1nt Term\u00e9keket, azok \u00e1r\u00e1t \u00e9s mennyis\u00e9g\u00e9t. Adatbeviteli hib\u00e1k eset\u00e9n jav\u00edthat a megadott adatokon.\u00a0<\/span><\/p>\n<p><span style=\"font-weight: 400;\">14.2. A V\u00e1s\u00e1rl\u00f3 jelen \u00c1SZF \u00e9s az Adatkezel\u00e9si T\u00e1j\u00e9koztat\u00f3 elfogad\u00e1s\u00e1t k\u00f6vet\u0151en v\u00e9gleges\u00edtheti a megrendel\u00e9s\u00e9t.\u00a0<\/span><\/p>\n<p><span style=\"font-weight: 400;\">14.3. A Megrendel\u00e9s v\u00e9gleges\u00edt\u00e9s\u00e9vel a V\u00e1s\u00e1rl\u00f3 kijelenti, hogy az \u00e1ltala megadott, a v\u00e1s\u00e1rl\u00e1shoz sz\u00fcks\u00e9ges adatok a val\u00f3s\u00e1gnak megfelelnek, \u00e9s hozz\u00e1j\u00e1rul, hogy azokat az \u00dczemeltet\u0151 Megrendel\u00e9s teljes\u00edt\u00e9se c\u00e9lj\u00e1b\u00f3l felhaszn\u00e1lja, kezelje. A Megrendel\u00e9s v\u00e9gleges\u00edt\u00e9s\u00e9vel az \u00dcgyf\u00e9l v\u00e1llalja, hogy a Megrendel\u00e9s ellen\u00e9rt\u00e9k\u00e9t kiegyenl\u00edti, ennek elmarad\u00e1sa eset\u00e9n a Megrendel\u00e9s teljes\u00edt\u00e9s\u00e9t az \u00dczemeltet\u0151 megtagadhatja.\u00a0<\/span><\/p>\n<p><span style=\"font-weight: 400;\">14.4. Ha a V\u00e1s\u00e1rl\u00f3 mindent megfelel\u0151nek tal\u00e1l, akkor v\u00e9gleges\u00edti \u00e9s elk\u00fcldi megrendel\u00e9s\u00e9t. A megrendel\u00e9s V\u00e1s\u00e1rl\u00f3 \u00e1ltali elk\u00fcld\u00e9se a V\u00e1s\u00e1rl\u00f3 r\u00e9sz\u00e9r\u0151l tett aj\u00e1nlatt\u00e9telnek min\u0151s\u00fcl. A megrendel\u00e9sr\u0151l a webshop kos\u00e1r fel\u00fclet\u00e9n, e-mailben kap automatikus visszaigazol\u00e1st 24 \u00f3r\u00e1n bel\u00fcl.\u00a0<\/span><\/p>\n<p><span style=\"font-weight: 400;\">14.5. Ha a V\u00e1s\u00e1rl\u00f3 a megrendel\u00e9s elk\u00fcld\u00e9se ut\u00e1n (pl.: az automatikus visszaigazol\u00f3 e-mailben) \u00e9szlel hib\u00e1s adatot, azt halad\u00e9ktalanul, de legfeljebb 24 \u00f3r\u00e1n bel\u00fcl k\u00f6teles jelezni a V\u00e1llalkoz\u00f3 fel\u00e9.\u00a0<\/span><\/p>\n<p><span style=\"font-weight: 400;\">14.6. A megrendelt Term\u00e9kek post\u00e1z\u00e1sa belf\u00f6ld\u00f6n 4-5 munkanapon bel\u00fcl teljes\u00fcl (belf\u00f6ld\u00f6n), ami a k\u00e9szlet f\u00fcggv\u00e9ny\u00e9ben v\u00e1ltozhat.\u00a0<\/span><\/p>\n<p><span style=\"font-weight: 400;\">14.7. Elk\u00fcld\u00f6tt \u00e9s visszaigazolt megrendel\u00e9s lemond\u00e1s\u00e1ra, m\u00f3dos\u00edt\u00e1s\u00e1ra van lehet\u0151s\u00e9g, a megrendel\u0151 pontos adatainak megad\u00e1s\u00e1val.\u00a0<\/span><\/p>\n<p><span style=\"font-weight: 400;\">14.8. A megrendel\u00e9s \u00e9s annak visszaigazol\u00e1sa akkor tekintend\u0151 az \u00dczemeltet\u0151h\u00f6z, illetve a V\u00e1s\u00e1rl\u00f3hoz meg\u00e9rkezettnek, amikor az sz\u00e1m\u00e1ra hozz\u00e1f\u00e9rhet\u0151v\u00e9 v\u00e1lik.\u00a0Az \u00dczemeltet\u0151 \u00e9s a V\u00e1s\u00e1rl\u00f3 k\u00f6z\u00f6tti Szerz\u0151d\u00e9s akkor j\u00f6n l\u00e9tre, amikor az \u00dczemeltet\u0151 e-mail \u00fatj\u00e1n megkapja a V\u00e1s\u00e1rl\u00f3 \u00e1ltal leadott megrendel\u00e9st.\u00a0A Megrendel\u00e9s lead\u00e1sa ut\u00e1n a V\u00e1s\u00e1rl\u00f3hoz e- mail \u00fatj\u00e1n \u00e9rkezett automatikus rendszer\u00fczenet a Megrendel\u00e9s r\u00f6gz\u00edt\u00e9s\u00e9r\u0151l t\u00e1j\u00e9koztat\u00f3 jelleg\u0171.\u00a0<\/span><\/p>\n<p><span style=\"font-weight: 400;\">14.9. Az \u00dczemeltet\u0151 nem felel a V\u00e1s\u00e1rl\u00f3n\u00e1l felmer\u00fcl\u0151 b\u00e1rmely olyan t\u00f6bbletk\u00f6lts\u00e9g\u00e9rt, amely a V\u00e1s\u00e1rl\u00f3 k\u00e1rtyakibocs\u00e1t\u00f3 bankj\u00e1t\u00f3l f\u00fcgg (k\u00fcl\u00f6n\u00f6sen, de nem kiz\u00e1r\u00f3lagosan deviza\u00e1rfolyam, egy\u00e9b k\u00f6lts\u00e9gek).\u00a0<\/span><\/p>\n<p><span style=\"font-weight: 400;\">14.10. Az \u00dczemeltet\u0151 fenntartja a jogot, hogy az \u00dcgyf\u00e9l \u00e1ltal leadott Megrendel\u00e9st indokol\u00e1s n\u00e9lk\u00fcl elutas\u00edtsa. Az \u00dczemeltet\u0151 jogosult tov\u00e1bb\u00e1 arra, hogy a Megrendel\u00e9sben szerepl\u0151 Term\u00e9kek mennyis\u00e9g\u00e9b\u0151l \u2013 a k\u00e9szlett\u0151l f\u00fcgg\u0151en \u2013 kevesebbet igazoljon vissza. Err\u0151l a V\u00e1s\u00e1rl\u00f3t e-mailen \u00e9rtes\u00edti. Ilyen esetben az \u00dczemeltet\u0151 a V\u00e1s\u00e1rl\u00f3 \u00e1ltal m\u00e1r kifizetett, azonban az \u00dczemeltet\u0151 \u00e1ltal vissza nem igazolt Term\u00e9kek v\u00e9tel\u00e1r\u00e1t a V\u00e1s\u00e1rl\u00f3 r\u00e9sz\u00e9re visszat\u00e9r\u00edti.\u00a0<\/span><\/p>\n<p><span style=\"font-weight: 400;\">14.11. Az \u00dczemeltet\u0151 a v\u00e9tel\u00e1r visszafizet\u00e9s\u00e9t az al\u00e1bbi m\u00f3don v\u00e1llalja:\u00a0a visszafizet\u00e9s a bankk\u00e1rty\u00e1t kibocs\u00e1t\u00f3 p\u00e9nzint\u00e9zet r\u00e9sz\u00e9re ker\u00fcl visszat\u00e9r\u00edt\u00e9sre.<\/span><\/p>\n<p><span style=\"font-weight: 400;\">14.12. Az \u00dczemeltet\u0151 \u2013 a V\u00e1s\u00e1rl\u00f3 egyidej\u0171 \u00e9rtes\u00edt\u00e9se mellett jogk\u00f6vetkezm\u00e9nyek n\u00e9lk\u00fcl \u2013 t\u00f6r\u00f6lheti a V\u00e1s\u00e1rl\u00f3 Megrendel\u00e9s\u00e9t, az al\u00e1bbi esetekben:\u00a0<\/span><\/p>\n<p><span style=\"font-weight: 400;\">\u2013 amennyiben a k\u00e1rty\u00e1t kibocs\u00e1t\u00f3 p\u00e9nzint\u00e9zet a tranzakci\u00f3t nem enged\u00e9lyezi;\u00a0<\/span><\/p>\n<p><span style=\"font-weight: 400;\">\u2013 amennyiben az online fizet\u00e9st biztos\u00edt\u00f3 partner nem tudja \u00e9rv\u00e9nyes\u00edteni a tranzakci\u00f3t;\u00a0<\/span><\/p>\n<p><span style=\"font-weight: 400;\">\u2013 ha V\u00e1s\u00e1rl\u00f3 \u00e1ltal megadott adatok nem fedik a val\u00f3s\u00e1got, nem teljes k\u00f6r\u0171ek, vagy nem teszik lehet\u0151v\u00e9 a Megrendel\u00e9s teljes\u00edt\u00e9s\u00e9t.<\/span><\/p>\n<p><span style=\"font-weight: 400;\">14.13. A megrendel\u00e9s elektronikus \u00faton megk\u00f6t\u00f6tt szerz\u0151d\u00e9snek min\u0151s\u00fcl, amelyre a Polg\u00e1ri T\u00f6rv\u00e9nyk\u00f6nyvr\u0151l sz\u00f3l\u00f3 2013. \u00e9vi V. t\u00f6rv\u00e9ny, az Elektronikus Kereskedelmi Szolg\u00e1ltat\u00e1sok, valamint az inform\u00e1ci\u00f3s t\u00e1rsadalommal \u00f6sszef\u00fcgg\u0151 szolg\u00e1ltat\u00e1sok egyes k\u00e9rd\u00e9seir\u0151l sz\u00f3l\u00f3 2001. \u00e9vi CVIII. t\u00f6rv\u00e9nyben foglaltak ir\u00e1nyad\u00f3k.\u00a0<\/span><\/p>\n<p>[\/et_pb_text][et_pb_text admin_label=&#8221;Text&#8221; module_id=&#8221;refund&#8221; _builder_version=&#8221;4.22.2&#8243; background_size=&#8221;initial&#8221; background_position=&#8221;top_left&#8221; background_repeat=&#8221;repeat&#8221; hover_enabled=&#8221;0&#8243; global_colors_info=&#8221;{}&#8221; sticky_enabled=&#8221;0&#8243; header_5_font=&#8221;Josefin Sans|700||on|||||&#8221;]<\/p>\n<h3>15. Visszak\u00fcld\u00e9si \u00e9s Visszat\u00e9r\u00edt\u00e9si Szab\u00e1lyzat<span><\/span><\/h3>\n<p><span><b><\/b><\/span><\/p>\n<h5>Az \u00d6n megrendel\u00e9s\u00e9nek lemond\u00e1si jogai<\/h5>\n<p><span>A jelen \u00c1ltal\u00e1nos Visszak\u00fcld\u00e9si Szab\u00e1lyzat szerint a term\u00e9kekre\u00a0<\/span><span><b>30 napos p\u00e9nzvisszafizet\u00e9si garancia<\/b><\/span><span>\u00a0vonatkozik.\u00a0<\/span><br \/><span>\u00d6n jogosult arra, hogy 30 napon bel\u00fcl indokl\u00e1s n\u00e9lk\u00fcl t\u00f6r\u00f6lje megrendel\u00e9s\u00e9t.<\/span><span><\/span><\/p>\n<p><span>Ebben az esetben<\/span><span><b>\u00a0visszat\u00e9r\u00edt\u00e9st<\/b><\/span><span>\u00a0k\u00e9rhet.<\/span><br \/><span>A lemond\u00e1s hat\u00e1rideje 30 nap att\u00f3l a pillanatt\u00f3l sz\u00e1m\u00edtva, amikor \u00d6n \u00e1tvette a Term\u00e9k(ek)et. Ezen jog\u00e1nak gyakorl\u00e1s\u00e1hoz illetve ezirany\u00fa d<\/span><span>\u00f6nt\u00e9s\u00e9r\u0151l<\/span><span>\u00a0e-mail-ben kell t\u00e1j\u00e9koztatni benn\u00fcnket<\/span><span><b>.<\/b><\/span><span><\/span><\/p>\n<h5>Term\u00e9kek visszak\u00fcld\u00e9si elj\u00e1r\u00e1sa<\/h5>\n<p><span>\u00d6n felel\u0151s a Term\u00e9kek visszak\u00fcld\u00e9s\u00e9nek k\u00f6lts\u00e9gei\u00e9rt, sz\u00e1ll\u00edt\u00e1si kock\u00e1zat\u00e1\u00e9rt.<\/span><br \/><span>Miut\u00e1n elk\u00fcldte a Term\u00e9k-visszak\u00fcld\u00e9si k\u00e9relmet e-mailen kereszt\u00fcl, e-mailt fog kapni a Term\u00e9kek visszak\u00fcld\u00e9si m\u00f3dj\u00e1r\u00f3l.<\/span><span><\/span><\/p>\n<h5>A visszak\u00fcld\u00e9s felt\u00e9tele<\/h5>\n<p><span>Ahhoz, hogy a megv\u00e1s\u00e1rolt termek(ek) visszak\u00fcld\u00e9sre ker\u00fcljenek, p\u00e1r felt\u00e9telnek megfelelni\u00fck kell:<\/span><br \/><span>\u2022 A term\u00e9keket az elm\u00falt 30 napban v\u00e1s\u00e1rolt\u00e1k meg<\/span><br \/><span>\u2022 A Term\u00e9kek az eredeti \u00e1llapotukban vannak<\/span><br \/><span>Jogunkban \u00e1ll az, hogy saj\u00e1t bel\u00e1t\u00e1sunk szerint visszautas\u00edtsuk olyan \u00e1ru visszak\u00fcld\u00e9s\u00e9t, amely nem felel meg a fenti felt\u00e9teleknek.<\/span><br \/><span>A visszat\u00e9r\u00edt\u00e9st legk\u00e9s\u0151bb 7 napon bel\u00fcl visszat\u00e9r\u00edtj\u00fck, attol a pillanatt\u00f3l\u00a0<\/span><span>kezd\u0151d\u0151en, hogy a\u00a0<\/span><span>megv\u00e1s\u00e1rolt \u00e9s visszak\u00fcld\u00e9sre ker\u00fcl\u0151\u00a0<\/span><span>term\u00e9kek hozz\u00e1nk meg\u00e9rkeztek.\u00a0<\/span><span>Ugyanazt a fizet\u00e9si m\u00f3dot fogjuk haszn\u00e1lni, mint amelyet \u00d6n a Megrendel\u00e9shez haszn\u00e1lt.<\/span><span><\/span><\/p>\n<h5>Vissza nem t\u00e9r\u00edtend\u0151 k\u00f6lts\u00e9gek<\/h5>\n<p><span>Vissza nem t\u00e9r\u00edtend\u0151 k\u00f6lts\u00e9g:<\/span><br \/><span>\u2022 Eredeti sz\u00e1ll\u00edt\u00e1s<\/span><\/p>\n<h5>Kapcsolat<\/h5>\n<p><span>Ha b\u00e1rmilyen k\u00e9rd\u00e9se van, vegye fel vel\u00fcnk a kapcsolatot:<\/span><br \/><span>\u2022 E-mailben:\u00a0<\/span><span><b><a href=\"mailto:reimsfille@gmail.com\" rel=\"noopener noreferrer\" target=\"_blank\">reimsfille@gmail.<wbr \/>com<\/a><\/b><\/span><\/p>\n<p>[\/et_pb_text][et_pb_text admin_label=&#8221;Text&#8221; module_id=&#8221;refund&#8221; _builder_version=&#8221;4.22.2&#8243; background_size=&#8221;initial&#8221; background_position=&#8221;top_left&#8221; background_repeat=&#8221;repeat&#8221; hover_enabled=&#8221;0&#8243; global_colors_info=&#8221;{}&#8221; sticky_enabled=&#8221;0&#8243;][\/et_pb_text][\/et_pb_column][\/et_pb_row][\/et_pb_section]<\/p>\n","protected":false},"excerpt":{"rendered":"<p>\u00c1ltal\u00e1nos Szerz\u0151d\u00e9si Felt\u00e9telekA jelen \u201e\u00c1ltal\u00e1nos Szerz\u0151d\u00e9si Felt\u00e9telek\u201d (a tov\u00e1bbiakban:\u202f\u00c1SZF) a Rus Barbara (Sz\u00e9khelye:\u00a0 5600, B\u00e9k\u00e9scsaba, M\u00e1ri\u00e1ssy utca 73; C\u00e9gjegyz\u00e9ksz\u00e1ma:79270056-1-24), k\u00e9pviseli: Rus Barbara, Telefonsz\u00e1m: +36309955403, E-mail c\u00edm:reimsfille@gmail.com\u202f) t\u00e1rhelyszolg\u00e1ltat\u00f3 (C\u00e9gn\u00e9v:\u00a0DotRoll Kft. C\u00edm:\u00a01148, Budapest, Fogarasi \u00fat 3-5, Hungary, Ad\u00f3sz\u00e1m:\u00a013962982-2-42, Telefonsz\u00e1m:\u00a0+36-1-432-3232, Email:\u00a0support@dotroll.com) \u00e1ltal \u00fczemeltetett hivatalos webshopj\u00e1nak oldalon el\u00e9rhet\u0151 szolg\u00e1ltat\u00e1sainak (a tov\u00e1bbiakban:\u202fSzolg\u00e1ltat\u00e1s) ig\u00e9nybe vev\u0151je (a tov\u00e1bbiakban:\u202f\u00dcgyf\u00e9l\u202fvagy\u202fFelhaszn\u00e1l\u00f3,\u202fvagy\u202fV\u00e1s\u00e1rl\u00f3) \u00e1ltali haszn\u00e1lat\u00e1nak felt\u00e9teleit tartalmazza. [&hellip;]<\/p>\n","protected":false},"author":2,"featured_media":0,"parent":0,"menu_order":0,"comment_status":"closed","ping_status":"closed","template":"","meta":{"_et_pb_use_builder":"on","_et_pb_old_content":"","_et_gb_content_width":"","footnotes":""},"class_list":["post-1498","page","type-page","status-publish","hentry"],"yoast_head":"<!-- This site is optimized with the Yoast SEO plugin v26.8 - https:\/\/yoast.com\/product\/yoast-seo-wordpress\/ -->\n<title>\u00c1ltal\u00e1nos Szerz\u0151d\u00e9si Felt\u00e9telek - B\u00e1bgyalogl\u00f3<\/title>\n<meta name=\"robots\" content=\"index, follow, max-snippet:-1, max-image-preview:large, max-video-preview:-1\" \/>\n<link rel=\"canonical\" href=\"https:\/\/babgyaloglo.hu\/hu\/altalanos-szerzodesi-feltetelek\/\" \/>\n<meta property=\"og:locale\" content=\"hu_HU\" \/>\n<meta property=\"og:type\" content=\"article\" \/>\n<meta property=\"og:title\" content=\"\u00c1ltal\u00e1nos Szerz\u0151d\u00e9si Felt\u00e9telek - B\u00e1bgyalogl\u00f3\" \/>\n<meta property=\"og:description\" content=\"\u00c1ltal\u00e1nos Szerz\u0151d\u00e9si Felt\u00e9telekA jelen \u201e\u00c1ltal\u00e1nos Szerz\u0151d\u00e9si Felt\u00e9telek\u201d (a tov\u00e1bbiakban:\u202f\u00c1SZF) a Rus Barbara (Sz\u00e9khelye:\u00a0 5600, B\u00e9k\u00e9scsaba, M\u00e1ri\u00e1ssy utca 73; C\u00e9gjegyz\u00e9ksz\u00e1ma:79270056-1-24), k\u00e9pviseli: Rus Barbara, Telefonsz\u00e1m: +36309955403, E-mail c\u00edm:reimsfille@gmail.com\u202f) t\u00e1rhelyszolg\u00e1ltat\u00f3 (C\u00e9gn\u00e9v:\u00a0DotRoll Kft. C\u00edm:\u00a01148, Budapest, Fogarasi \u00fat 3-5, Hungary, Ad\u00f3sz\u00e1m:\u00a013962982-2-42, Telefonsz\u00e1m:\u00a0+36-1-432-3232, Email:\u00a0support@dotroll.com) \u00e1ltal \u00fczemeltetett hivatalos webshopj\u00e1nak oldalon el\u00e9rhet\u0151 szolg\u00e1ltat\u00e1sainak (a tov\u00e1bbiakban:\u202fSzolg\u00e1ltat\u00e1s) ig\u00e9nybe vev\u0151je (a tov\u00e1bbiakban:\u202f\u00dcgyf\u00e9l\u202fvagy\u202fFelhaszn\u00e1l\u00f3,\u202fvagy\u202fV\u00e1s\u00e1rl\u00f3) \u00e1ltali haszn\u00e1lat\u00e1nak felt\u00e9teleit tartalmazza. [&hellip;]\" \/>\n<meta property=\"og:url\" content=\"https:\/\/babgyaloglo.hu\/hu\/altalanos-szerzodesi-feltetelek\/\" \/>\n<meta property=\"og:site_name\" content=\"B\u00e1bgyalogl\u00f3\" \/>\n<meta property=\"article:modified_time\" content=\"2023-10-17T10:49:08+00:00\" \/>\n<meta name=\"twitter:card\" content=\"summary_large_image\" \/>\n<meta name=\"twitter:label1\" content=\"Becs\u00fclt olvas\u00e1si id\u0151\" \/>\n\t<meta name=\"twitter:data1\" content=\"20 perc\" \/>\n<script type=\"application\/ld+json\" class=\"yoast-schema-graph\">{\"@context\":\"https:\/\/schema.org\",\"@graph\":[{\"@type\":\"WebPage\",\"@id\":\"https:\/\/babgyaloglo.hu\/hu\/altalanos-szerzodesi-feltetelek\/\",\"url\":\"https:\/\/babgyaloglo.hu\/hu\/altalanos-szerzodesi-feltetelek\/\",\"name\":\"\u00c1ltal\u00e1nos Szerz\u0151d\u00e9si Felt\u00e9telek - B\u00e1bgyalogl\u00f3\",\"isPartOf\":{\"@id\":\"https:\/\/babgyaloglo.hu\/hu\/#website\"},\"datePublished\":\"2023-08-09T18:16:55+00:00\",\"dateModified\":\"2023-10-17T10:49:08+00:00\",\"breadcrumb\":{\"@id\":\"https:\/\/babgyaloglo.hu\/hu\/altalanos-szerzodesi-feltetelek\/#breadcrumb\"},\"inLanguage\":\"hu\",\"potentialAction\":[{\"@type\":\"ReadAction\",\"target\":[\"https:\/\/babgyaloglo.hu\/hu\/altalanos-szerzodesi-feltetelek\/\"]}]},{\"@type\":\"BreadcrumbList\",\"@id\":\"https:\/\/babgyaloglo.hu\/hu\/altalanos-szerzodesi-feltetelek\/#breadcrumb\",\"itemListElement\":[{\"@type\":\"ListItem\",\"position\":1,\"name\":\"Home\",\"item\":\"https:\/\/babgyaloglo.hu\/hu\/\"},{\"@type\":\"ListItem\",\"position\":2,\"name\":\"\u00c1ltal\u00e1nos Szerz\u0151d\u00e9si Felt\u00e9telek\"}]},{\"@type\":\"WebSite\",\"@id\":\"https:\/\/babgyaloglo.hu\/hu\/#website\",\"url\":\"https:\/\/babgyaloglo.hu\/hu\/\",\"name\":\"B\u00e1bgyalogl\u00f3\",\"description\":\"M\u0171v\u00e9szfalu\",\"potentialAction\":[{\"@type\":\"SearchAction\",\"target\":{\"@type\":\"EntryPoint\",\"urlTemplate\":\"https:\/\/babgyaloglo.hu\/hu\/?s={search_term_string}\"},\"query-input\":{\"@type\":\"PropertyValueSpecification\",\"valueRequired\":true,\"valueName\":\"search_term_string\"}}],\"inLanguage\":\"hu\"}]}<\/script>\n<!-- \/ Yoast SEO plugin. -->","yoast_head_json":{"title":"\u00c1ltal\u00e1nos Szerz\u0151d\u00e9si Felt\u00e9telek - B\u00e1bgyalogl\u00f3","robots":{"index":"index","follow":"follow","max-snippet":"max-snippet:-1","max-image-preview":"max-image-preview:large","max-video-preview":"max-video-preview:-1"},"canonical":"https:\/\/babgyaloglo.hu\/hu\/altalanos-szerzodesi-feltetelek\/","og_locale":"hu_HU","og_type":"article","og_title":"\u00c1ltal\u00e1nos Szerz\u0151d\u00e9si Felt\u00e9telek - B\u00e1bgyalogl\u00f3","og_description":"\u00c1ltal\u00e1nos Szerz\u0151d\u00e9si Felt\u00e9telekA jelen \u201e\u00c1ltal\u00e1nos Szerz\u0151d\u00e9si Felt\u00e9telek\u201d (a tov\u00e1bbiakban:\u202f\u00c1SZF) a Rus Barbara (Sz\u00e9khelye:\u00a0 5600, B\u00e9k\u00e9scsaba, M\u00e1ri\u00e1ssy utca 73; C\u00e9gjegyz\u00e9ksz\u00e1ma:79270056-1-24), k\u00e9pviseli: Rus Barbara, Telefonsz\u00e1m: +36309955403, E-mail c\u00edm:reimsfille@gmail.com\u202f) t\u00e1rhelyszolg\u00e1ltat\u00f3 (C\u00e9gn\u00e9v:\u00a0DotRoll Kft. C\u00edm:\u00a01148, Budapest, Fogarasi \u00fat 3-5, Hungary, Ad\u00f3sz\u00e1m:\u00a013962982-2-42, Telefonsz\u00e1m:\u00a0+36-1-432-3232, Email:\u00a0support@dotroll.com) \u00e1ltal \u00fczemeltetett hivatalos webshopj\u00e1nak oldalon el\u00e9rhet\u0151 szolg\u00e1ltat\u00e1sainak (a tov\u00e1bbiakban:\u202fSzolg\u00e1ltat\u00e1s) ig\u00e9nybe vev\u0151je (a tov\u00e1bbiakban:\u202f\u00dcgyf\u00e9l\u202fvagy\u202fFelhaszn\u00e1l\u00f3,\u202fvagy\u202fV\u00e1s\u00e1rl\u00f3) \u00e1ltali haszn\u00e1lat\u00e1nak felt\u00e9teleit tartalmazza. [&hellip;]","og_url":"https:\/\/babgyaloglo.hu\/hu\/altalanos-szerzodesi-feltetelek\/","og_site_name":"B\u00e1bgyalogl\u00f3","article_modified_time":"2023-10-17T10:49:08+00:00","twitter_card":"summary_large_image","twitter_misc":{"Becs\u00fclt olvas\u00e1si id\u0151":"20 perc"},"schema":{"@context":"https:\/\/schema.org","@graph":[{"@type":"WebPage","@id":"https:\/\/babgyaloglo.hu\/hu\/altalanos-szerzodesi-feltetelek\/","url":"https:\/\/babgyaloglo.hu\/hu\/altalanos-szerzodesi-feltetelek\/","name":"\u00c1ltal\u00e1nos Szerz\u0151d\u00e9si Felt\u00e9telek - B\u00e1bgyalogl\u00f3","isPartOf":{"@id":"https:\/\/babgyaloglo.hu\/hu\/#website"},"datePublished":"2023-08-09T18:16:55+00:00","dateModified":"2023-10-17T10:49:08+00:00","breadcrumb":{"@id":"https:\/\/babgyaloglo.hu\/hu\/altalanos-szerzodesi-feltetelek\/#breadcrumb"},"inLanguage":"hu","potentialAction":[{"@type":"ReadAction","target":["https:\/\/babgyaloglo.hu\/hu\/altalanos-szerzodesi-feltetelek\/"]}]},{"@type":"BreadcrumbList","@id":"https:\/\/babgyaloglo.hu\/hu\/altalanos-szerzodesi-feltetelek\/#breadcrumb","itemListElement":[{"@type":"ListItem","position":1,"name":"Home","item":"https:\/\/babgyaloglo.hu\/hu\/"},{"@type":"ListItem","position":2,"name":"\u00c1ltal\u00e1nos Szerz\u0151d\u00e9si Felt\u00e9telek"}]},{"@type":"WebSite","@id":"https:\/\/babgyaloglo.hu\/hu\/#website","url":"https:\/\/babgyaloglo.hu\/hu\/","name":"B\u00e1bgyalogl\u00f3","description":"M\u0171v\u00e9szfalu","potentialAction":[{"@type":"SearchAction","target":{"@type":"EntryPoint","urlTemplate":"https:\/\/babgyaloglo.hu\/hu\/?s={search_term_string}"},"query-input":{"@type":"PropertyValueSpecification","valueRequired":true,"valueName":"search_term_string"}}],"inLanguage":"hu"}]}},"_links":{"self":[{"href":"https:\/\/babgyaloglo.hu\/hu\/wp-json\/wp\/v2\/pages\/1498","targetHints":{"allow":["GET"]}}],"collection":[{"href":"https:\/\/babgyaloglo.hu\/hu\/wp-json\/wp\/v2\/pages"}],"about":[{"href":"https:\/\/babgyaloglo.hu\/hu\/wp-json\/wp\/v2\/types\/page"}],"author":[{"embeddable":true,"href":"https:\/\/babgyaloglo.hu\/hu\/wp-json\/wp\/v2\/users\/2"}],"replies":[{"embeddable":true,"href":"https:\/\/babgyaloglo.hu\/hu\/wp-json\/wp\/v2\/comments?post=1498"}],"version-history":[{"count":6,"href":"https:\/\/babgyaloglo.hu\/hu\/wp-json\/wp\/v2\/pages\/1498\/revisions"}],"predecessor-version":[{"id":1510,"href":"https:\/\/babgyaloglo.hu\/hu\/wp-json\/wp\/v2\/pages\/1498\/revisions\/1510"}],"wp:attachment":[{"href":"https:\/\/babgyaloglo.hu\/hu\/wp-json\/wp\/v2\/media?parent=1498"}],"curies":[{"name":"wp","href":"https:\/\/api.w.org\/{rel}","templated":true}]}}